{"id":376,"date":"2020-02-13T15:14:11","date_gmt":"2020-02-13T14:14:11","guid":{"rendered":"https:\/\/atelierceline.fr\/corpo\/?page_id=376"},"modified":"2023-02-08T21:32:00","modified_gmt":"2023-02-08T20:32:00","slug":"qui-sommes-nous-nos-valeurs","status":"publish","type":"page","link":"https:\/\/atelierceline.fr\/corpo\/qui-sommes-nous-nos-valeurs\/","title":{"rendered":"Qui sommes nous, nos valeurs."},"content":{"rendered":"\n<p class=\"has-normal-font-size\"><em>Nos valeurs, c\u2019est ce qui nous anime.<\/em>..<\/p>\n\n\n\n<p class=\"has-normal-font-size\"><br>\n<strong>. Une bonne dose de Professionnalisme et de confiance&nbsp;:<\/strong><br>\n<br>\nVous \u00eates nos premiers inspirateurs, nous vous \u00e9coutons pour d\u00e9gager des shootings\nqui vous ressemblent dans un milieu accueillant. Nous travaillons et nous nous\nformons pour \u00eatre renouvel\u00e9es dans &nbsp;notre\ncr\u00e9ativit\u00e9. Nous \u00e9laborons des projets pour pourvoir \u00e0 vos besoins et nous\nouvrir des portes incroyables&#8230;nous sommes reconnaissantes pour ce qu&rsquo;il se\npasse au travers de nous ou de nos outils.<br>\n<br>\n<br>\n<strong>. Innovation&nbsp;:<\/strong><br>\nA l\u2019exemple de ce que vous \u00eates, nous voulons que notre travail, nos images et\nle service soient accessibles \u00e0 tous et impactent la g\u00e9n\u00e9ration connect\u00e9e. Dans\ncette optique, nous innovons constamment pour rester en phase avec l&rsquo;\u00e9volution\ndes nouvelles technologies.<br>\n<br>\n<strong>. Excellence&nbsp;:<\/strong><br>\nNous mesurons la pertinence de nos outils et nous cherchons constamment \u00e0\nam\u00e9liorer leur qualit\u00e9 en recherchant l\u2019excellence dans le seul but de porter\ndavantage de satisfaction aupr\u00e8s de vous.<\/p>\n\n\n\n<p class=\"has-normal-font-size\"><br>\n<strong>. Esprit de service&nbsp;:<\/strong><br>\n<br>\nTous nos outils, modules de commande, renseignement, devis sont utilisables\ngratuitement pour favoriser l&rsquo;acc\u00e8s au plus grand nombre.<\/p>\n\n\n\n<p class=\"has-normal-font-size\">&nbsp;Notre mod\u00e8le \u00e9conomique est bas\u00e9 sur les\nconcepts que l\u2019Atelier peut d\u00e9velopper pour convenir au mieux \u00e0 vos projets, vos\ndesseins. Lors des premiers contacts, nous venons \u00e0 vous pour conna\u00eetre votre entreprise.\nNous travaillons \u00e0 deux avec Magali pour r\u00e9pondre dans des d\u00e9lais rapides (Sauf\npour hier) \u00e0 vos questions. Nous pouvons faire des rep\u00e9rages, sur site ou\ntravailler sur plan, et \u00e9tablir un plan d\u2019action pour les prises de vues. Lors\ndu shooting, nous aurons tous les \u00e9l\u00e9ments afin de mener \u00e0 bien notre mission. Le\nretravail en post production et la livraison des fichiers se feront dans un\nd\u00e9lai \u00e9tabli ensemble. <\/p>\n\n\n\n<p class=\"has-normal-font-size\"><strong>. Engagement r\u00e9ciproque :<\/strong><br> <\/p>\n\n\n\n<p class=\"has-normal-font-size\">Nous traitons chaque entreprise avec le plus grand s\u00e9rieux et comme un d\u00e9fi. Nous mettons notre temps et nos talents \u00e0 votre service et attendons le m\u00eame engagement de votre part. La collaboration doit \u00eatre r\u00e9ciproque pour un r\u00e9sultat excellent.<\/p>\n\n\n\n<p class=\"has-normal-font-size\"><br> <strong>. Encouragement&nbsp;:&nbsp;<\/strong><br> <br> Nous voulons \u00eatre vraies et encourageantes dans nos relations. Nous servons avec passion et avec joie en tout temps. Nous d\u00e9veloppons un esprit professionnel, avec un enthousiasme contagieux qui lib\u00e8re notre cr\u00e9ativit\u00e9. Nous consid\u00e9rons chaque personne et projet comme unique et pr\u00e9cieux.<\/p>\n\n\n\n<div class=\"wp-block-image\"><figure class=\"aligncenter is-resized\"><img loading=\"lazy\" decoding=\"async\" src=\"https:\/\/atelierceline.fr\/corpo\/wp-content\/uploads\/2020\/02\/22052018-050418-CP-20-Modifier-Copie-684x1024.jpg\" alt=\"\" class=\"wp-image-377\" width=\"342\" height=\"512\" srcset=\"https:\/\/atelierceline.fr\/corpo\/wp-content\/uploads\/2020\/02\/22052018-050418-CP-20-Modifier-Copie-684x1024.jpg 684w, https:\/\/atelierceline.fr\/corpo\/wp-content\/uploads\/2020\/02\/22052018-050418-CP-20-Modifier-Copie-200x300.jpg 200w, https:\/\/atelierceline.fr\/corpo\/wp-content\/uploads\/2020\/02\/22052018-050418-CP-20-Modifier-Copie-768x1150.jpg 768w, https:\/\/atelierceline.fr\/corpo\/wp-content\/uploads\/2020\/02\/22052018-050418-CP-20-Modifier-Copie-1026x1536.jpg 1026w, https:\/\/atelierceline.fr\/corpo\/wp-content\/uploads\/2020\/02\/22052018-050418-CP-20-Modifier-Copie.jpg 1280w\" sizes=\"auto, (max-width: 342px) 100vw, 342px\" \/><figcaption>C\u00e9line, Photographe<\/figcaption><\/figure><\/div>\n","protected":false},"excerpt":{"rendered":"<p>Nos valeurs, c\u2019est ce qui nous anime&#8230; . Une bonne dose de Professionnalisme et de confiance&nbsp;: Vous \u00eates nos premiers inspirateurs, nous vous \u00e9coutons pour d\u00e9gager des shootings qui vous ressemblent dans un milieu accueillant. Nous travaillons et nous nous formons pour \u00eatre renouvel\u00e9es dans &nbsp;notre cr\u00e9ativit\u00e9. Nous \u00e9laborons des&hellip; <\/p>\n","protected":false},"author":1,"featured_media":0,"parent":0,"menu_order":0,"comment_status":"closed","ping_status":"closed","template":"","meta":{"footnotes":""},"class_list":["post-376","page","type-page","status-publish","hentry"],"_links":{"self":[{"href":"https:\/\/atelierceline.fr\/corpo\/wp-json\/wp\/v2\/pages\/376","targetHints":{"allow":["GET"]}}],"collection":[{"href":"https:\/\/atelierceline.fr\/corpo\/wp-json\/wp\/v2\/pages"}],"about":[{"href":"https:\/\/atelierceline.fr\/corpo\/wp-json\/wp\/v2\/types\/page"}],"author":[{"embeddable":true,"href":"https:\/\/atelierceline.fr\/corpo\/wp-json\/wp\/v2\/users\/1"}],"replies":[{"embeddable":true,"href":"https:\/\/atelierceline.fr\/corpo\/wp-json\/wp\/v2\/comments?post=376"}],"version-history":[{"count":7,"href":"https:\/\/atelierceline.fr\/corpo\/wp-json\/wp\/v2\/pages\/376\/revisions"}],"predecessor-version":[{"id":631,"href":"https:\/\/atelierceline.fr\/corpo\/wp-json\/wp\/v2\/pages\/376\/revisions\/631"}],"wp:attachment":[{"href":"https:\/\/atelierceline.fr\/corpo\/wp-json\/wp\/v2\/media?parent=376"}],"curies":[{"name":"wp","href":"https:\/\/api.w.org\/{rel}","templated":true}]}}